{"id":4441,"date":"2024-07-18T08:12:45","date_gmt":"2024-07-18T08:12:45","guid":{"rendered":"https:\/\/www.sigegs.ch\/?post_type=event&#038;p=4441"},"modified":"2025-02-20T10:13:41","modified_gmt":"2025-02-20T10:13:41","slug":"vortrage-von-silvio-frigg-uber-den-kulturguterschutz-im-kanton-st-gallen-und-daniel-haberli-uber-den-kulturguterschutz-im-kanton-thurgau","status":"publish","type":"event","link":"https:\/\/www.sigegs.ch\/fr\/event\/vortrage-von-silvio-frigg-uber-den-kulturguterschutz-im-kanton-st-gallen-und-daniel-haberli-uber-den-kulturguterschutz-im-kanton-thurgau\/","title":{"rendered":"Vortr\u00e4ge von Silvio Frigg \u00fcber den Kulturg\u00fcterschutz im Kanton St. Gallen und Daniel H\u00e4berli \u00fcber den Kulturg\u00fcterschutz im Kanton Thurgau"},"content":{"rendered":"\t\t<div data-elementor-type=\"wp-post\" data-elementor-id=\"4441\" class=\"elementor elementor-4441\" data-elementor-post-type=\"event\">\n\t\t\t\t\t\t<section class=\"elementor-section elementor-top-section elementor-element elementor-element-77e49783 elementor-section-boxed elementor-section-height-default elementor-section-height-default\" data-id=\"77e49783\" data-element_type=\"section\">\n\t\t\t\t\t\t<div class=\"elementor-container elementor-column-gap-default\">\n\t\t\t\t\t<div class=\"elementor-column elementor-col-100 elementor-top-column elementor-element elementor-element-43903dd\" data-id=\"43903dd\" data-element_type=\"column\">\n\t\t\t<div class=\"elementor-widget-wrap elementor-element-populated\">\n\t\t\t\t\t\t<div class=\"elementor-element elementor-element-740656d8 elementor-widget elementor-widget-post-info\" data-id=\"740656d8\" data-element_type=\"widget\" data-widget_type=\"post-info.default\">\n\t\t\t\t<div class=\"elementor-widget-container\">\n\t\t\t\t\t\t\t<ul class=\"elementor-icon-list-items elementor-post-info\">\n\t\t\t\t\t\t\t\t<li class=\"elementor-icon-list-item elementor-repeater-item-ceee7c2\">\n\t\t\t\t\t\t\t\t\t\t<span class=\"elementor-icon-list-icon\">\n\t\t\t\t\t\t\t\t<i aria-hidden=\"true\" class=\"far fa-calendar-alt\"><\/i>\t\t\t\t\t\t\t<\/span>\n\t\t\t\t\t\t\t\t\t<span class=\"elementor-icon-list-text elementor-post-info__item elementor-post-info__item--type-custom\">\n\t\t\t\t\t\t\t\t\t\t26. septembre 2024\t\t\t\t\t<\/span>\n\t\t\t\t\t\t\t\t<\/li>\n\t\t\t\t<\/ul>\n\t\t\t\t\t\t<\/div>\n\t\t\t\t<\/div>\n\t\t\t\t<div class=\"elementor-element elementor-element-48048068 elementor-widget elementor-widget-theme-post-title elementor-page-title elementor-widget-heading\" data-id=\"48048068\" data-element_type=\"widget\" data-widget_type=\"theme-post-title.default\">\n\t\t\t\t<div class=\"elementor-widget-container\">\n\t\t\t\t\t<h1 class=\"elementor-heading-title elementor-size-default\">Vortr\u00e4ge von Silvio Frigg \u00fcber den Kulturg\u00fcterschutz im Kanton St. Gallen und Daniel H\u00e4berli \u00fcber den Kulturg\u00fcterschutz im Kanton Thurgau<\/h1>\t\t\t\t<\/div>\n\t\t\t\t<\/div>\n\t\t\t\t<div class=\"elementor-element elementor-element-62d8b3fc elementor-widget elementor-widget-theme-post-featured-image elementor-widget-image\" data-id=\"62d8b3fc\" data-element_type=\"widget\" data-widget_type=\"theme-post-featured-image.default\">\n\t\t\t\t<div class=\"elementor-widget-container\">\n\t\t\t\t\t\t\t\t\t\t\t\t\t\t\t<img fetchpriority=\"high\" decoding=\"async\" width=\"1536\" height=\"1178\" src=\"https:\/\/www.sigegs.ch\/wp-content\/uploads\/2024\/04\/Logo.70.Jahre_.HAK_.HD-002-1536x1178.png\" class=\"attachment-1536x1536 size-1536x1536 wp-image-4335\" alt=\"\" srcset=\"https:\/\/www.sigegs.ch\/wp-content\/uploads\/2024\/04\/Logo.70.Jahre_.HAK_.HD-002-1536x1178.png 1536w, https:\/\/www.sigegs.ch\/wp-content\/uploads\/2024\/04\/Logo.70.Jahre_.HAK_.HD-002-300x230.png 300w, https:\/\/www.sigegs.ch\/wp-content\/uploads\/2024\/04\/Logo.70.Jahre_.HAK_.HD-002-1024x785.png 1024w, https:\/\/www.sigegs.ch\/wp-content\/uploads\/2024\/04\/Logo.70.Jahre_.HAK_.HD-002-768x589.png 768w, https:\/\/www.sigegs.ch\/wp-content\/uploads\/2024\/04\/Logo.70.Jahre_.HAK_.HD-002-2048x1571.png 2048w\" sizes=\"(max-width: 1536px) 100vw, 1536px\" \/>\t\t\t\t\t\t\t\t\t\t\t\t\t\t\t<\/div>\n\t\t\t\t<\/div>\n\t\t\t\t\t<\/div>\n\t\t<\/div>\n\t\t\t\t\t<\/div>\n\t\t<\/section>\n\t\t\t\t<section class=\"elementor-section elementor-top-section elementor-element elementor-element-7cd78d95 elementor-section-boxed elementor-section-height-default elementor-section-height-default\" data-id=\"7cd78d95\" data-element_type=\"section\">\n\t\t\t\t\t\t<div class=\"elementor-container elementor-column-gap-default\">\n\t\t\t\t\t<div class=\"elementor-column elementor-col-100 elementor-top-column elementor-element elementor-element-56e993f1\" data-id=\"56e993f1\" data-element_type=\"column\">\n\t\t\t<div class=\"elementor-widget-wrap elementor-element-populated\">\n\t\t\t\t\t\t<div class=\"elementor-element elementor-element-7d4a970c elementor-widget elementor-widget-text-editor\" data-id=\"7d4a970c\" data-element_type=\"widget\" data-widget_type=\"text-editor.default\">\n\t\t\t\t<div class=\"elementor-widget-container\">\n\t\t\t\t\t\t\t\t\t<p><span style=\"font-family: 'Arial',sans-serif;\">Die Vortr\u00e4ge stiessen auf grosses Interesse und lockten fast 50 Personen aus unterschiedlichsten Institutionen und T\u00e4tigkeitsbereichen an. C\u00e9cile Vilas, Pr\u00e4sidentin der SIGEGS und der Eidgen\u00f6ssischen Kommission f\u00fcr Kulturg\u00fcterschutz, begr\u00fcsste die Anwesenden und unterstrich die Wichtigkeit, breit \u00fcber das Thema Kulturg\u00fcterschutz zu informieren.<\/span><\/p>\n<p><span style=\"font-family: 'Arial',sans-serif;\">&nbsp;<\/span><\/p>\n<p><span style=\"font-family: 'Arial',sans-serif;\">In der Schweiz ist die Umsetzung des Kulturg\u00fcterschutzes Sache der Kantone und entsprechend vielf\u00e4ltig wird dies gehandhabt. Silvio Frigg gab im ersten Teil Einblicke in die Organisation des KGS im Kanton St. Gallen. Er ist in Milizfunktion kantonaler KGS-Verantwortlicher, Chef KGS von St. Gallen Bodensee, leitet die Gruppe ARK (Arbeitsgruppe der Restaurator*innen f\u00fcr den KGS) und ist Mitglied der Kerngruppe des Notfallverbundes St. Gallen. Daneben arbeitet er als Leiter Zentrale Dienste in der Stiftsbibliothek St. Gallen und ist dort Verantwortlicher f\u00fcr die Bestandserhaltung. Der Kanton St. Gallen setzt auf die Zusammenarbeit im Verbund mit verschiedenen Partnern. An einem Beispiel zeigte Herr Frigg eindr\u00fccklich auf, wie ein Einsatz im Notfall erprobt wird und wies darauf hin, dass zus\u00e4tzlich zu den \u00dcbungen regelm\u00e4ssig Weiterbildungen im Notfallverbund stattfinden.<\/span><\/p>\n<p><span style=\"font-family: 'Arial',sans-serif;\">&nbsp;<\/span><\/p>\n<p><span style=\"font-family: 'Arial',sans-serif;\">Im zweiten Teil bekamen wir von Daniel H\u00e4berli eine spannende \u00dcbersicht, wie der KGS im Kanton Thurgau organisiert ist. Zwischen 2018 und 2020 war er Projektleiter der Umsetzung der Neuorganisation. Seither f\u00fchrt er die Fachstelle KGS beim Amt f\u00fcr Denkmalpflege. Daneben war er von 2017 bis 2024 als Bataillonskommandant der regionalen Zivilschutzorganisation Hinterthurgau t\u00e4tig. Eingehend erl\u00e4uterte er, dass sich die Ans\u00e4tze von Kanton zu Kanton nicht eklatant unterscheiden, dass aber die Rahmenbedingungen oft unterschiedlich sind und somit Methoden aus anderen Kantonen nicht 1:1 \u00fcbernommen werden k\u00f6nnen. Die Neuorganisation des Kulturg\u00fcterschutzes im Kanton Thurgau umfasste unter anderem die Schaffung einer permanenten Fachstelle, die s\u00e4mtliche Belange des KGS im Kanton Thurgau koordiniert und Eigent\u00fcmer*innen von Kulturg\u00fcterschutzobjekten bei der Erstellung von Notfallplanungen ber\u00e4t und unterst\u00fctzt. Mit der Gr\u00fcndung eines KGS Experten Teams, welches im Ernstfall direkt \u00fcber die Kantonale Notrufzentrale aufgeboten werden kann, wurde des Weitern ein schlagkr\u00e4ftiges Ersteinsatzelement geschaffen.<\/span><\/p>\n<p><span style=\"font-family: 'Arial',sans-serif;\">&nbsp;<\/span><\/p>\n<p><span style=\"font-family: 'Arial',sans-serif;\">Bei der Fragerunde interessierte vor allem, ob der Ernstfall bereits einmal eingetreten sei. Gl\u00fccklicherweise konnten dies beide Referenten verneinen. Es gab im Kanton St. Gallen kleinere F\u00e4lle, die auf lokaler Ebene gekl\u00e4rt werden konnten. Daniel H\u00e4berli berichtet, dass \u00abplanbare Eins\u00e4tze\u00bb bereits als \u00dcbungen durchgef\u00fchrt werden konnten, im Sinne von angefragter Unterst\u00fctzung bei Problemen. Weiter interessierte, ob es \u00fcberregionale Strukturen gibt im Falle eines Grosseinsatzes. Offiziell besteht kein fixes Netzwerk, wobei die Kantone den Wunsch nach Austausch und Zusammenarbeit haben und dies teilweise auch pflegen. Letztendlich ist die Politik gefragt, um diesem Begehren Rechnung zu tragen und es bleibt zu hoffen, dass dies in den n\u00e4chsten Jahren angegangen wird.<\/span><\/p>\n<p><\/p>\n<p><span style=\"font-family: 'Arial',sans-serif;\">&nbsp;<\/span><\/p>\t\t\t\t\t\t\t\t<\/div>\n\t\t\t\t<\/div>\n\t\t\t\t\t<\/div>\n\t\t<\/div>\n\t\t\t\t\t<\/div>\n\t\t<\/section>\n\t\t\t\t<\/div>\n\t\t","protected":false},"excerpt":{"rendered":"<p>Die Vortr\u00e4ge stiessen auf grosses Interesse und lockten fast 50 Personen aus unterschiedlichsten Institutionen und T\u00e4tigkeitsbereichen. C\u00e9cile Vilas, Pr\u00e4sidentin der SIGEGS und der Eidgen\u00f6ssischen Kommission f\u00fcr Kulturg\u00fcterschutz, begr\u00fcsste die Anwesenden und unterstrich die Wichtigkeit, breit \u00fcber das Thema Kulturg\u00fcterschutz zu informieren.<\/p>\n","protected":false},"featured_media":4335,"template":"","meta":{"_acf_changed":false,"site-sidebar-layout":"no-sidebar","site-content-layout":"page-builder","ast-site-content-layout":"full-width-container","site-content-style":"unboxed","site-sidebar-style":"unboxed","ast-global-header-display":"","ast-banner-title-visibility":"","ast-main-header-display":"","ast-hfb-above-header-display":"","ast-hfb-below-header-display":"","ast-hfb-mobile-header-display":"","site-post-title":"disabled","ast-breadcrumbs-content":"","ast-featured-img":"disabled","footer-sml-layout":"","theme-transparent-header-meta":"","adv-header-id-meta":"","stick-header-meta":"","header-above-stick-meta":"","header-main-stick-meta":"","header-below-stick-meta":"","astra-migrate-meta-layouts":"set","ast-page-background-enabled":"default","ast-page-background-meta":{"desktop":{"background-color":"var(--ast-global-color-4)","background-image":"","background-repeat":"repeat","background-position":"center center","background-size":"auto","background-attachment":"scroll","background-type":"","background-media":"","overlay-type":"","overlay-color":"","overlay-opacity":"","overlay-gradient":""},"tablet":{"background-color":"","background-image":"","background-repeat":"repeat","background-position":"center center","background-size":"auto","background-attachment":"scroll","background-type":"","background-media":"","overlay-type":"","overlay-color":"","overlay-opacity":"","overlay-gradient":""},"mobile":{"background-color":"","background-image":"","background-repeat":"repeat","background-position":"center center","background-size":"auto","background-attachment":"scroll","background-type":"","background-media":"","overlay-type":"","overlay-color":"","overlay-opacity":"","overlay-gradient":""}},"ast-content-background-meta":{"desktop":{"background-color":"var(--ast-global-color-5)","background-image":"","background-repeat":"repeat","background-position":"center center","background-size":"auto","background-attachment":"scroll","background-type":"","background-media":"","overlay-type":"","overlay-color":"","overlay-opacity":"","overlay-gradient":""},"tablet":{"background-color":"var(--ast-global-color-5)","background-image":"","background-repeat":"repeat","background-position":"center center","background-size":"auto","background-attachment":"scroll","background-type":"","background-media":"","overlay-type":"","overlay-color":"","overlay-opacity":"","overlay-gradient":""},"mobile":{"background-color":"var(--ast-global-color-5)","background-image":"","background-repeat":"repeat","background-position":"center center","background-size":"auto","background-attachment":"scroll","background-type":"","background-media":"","overlay-type":"","overlay-color":"","overlay-opacity":"","overlay-gradient":""}},"footnotes":""},"class_list":["post-4441","event","type-event","status-publish","has-post-thumbnail","hentry"],"acf":[],"yoast_head":"<!-- This site is optimized with the Yoast SEO plugin v25.2 - https:\/\/yoast.com\/wordpress\/plugins\/seo\/ -->\n<title>Vortr\u00e4ge von Silvio Frigg \u00fcber den Kulturg\u00fcterschutz im Kanton St. Gallen und Daniel H\u00e4berli \u00fcber den Kulturg\u00fcterschutz im Kanton Thurgau - SIGEGS - Schweizerische Interessengemeinschaft zur Erhaltung von Grafik und Schriftgut<\/title>\n<meta name=\"robots\" content=\"index, follow, max-snippet:-1, max-image-preview:large, max-video-preview:-1\" \/>\n<link rel=\"canonical\" href=\"https:\/\/www.sigegs.ch\/fr\/event\/vortrage-von-silvio-frigg-uber-den-kulturguterschutz-im-kanton-st-gallen-und-daniel-haberli-uber-den-kulturguterschutz-im-kanton-thurgau\/\" \/>\n<meta property=\"og:locale\" content=\"fr_FR\" \/>\n<meta property=\"og:type\" content=\"article\" \/>\n<meta property=\"og:title\" content=\"Vortr\u00e4ge von Silvio Frigg \u00fcber den Kulturg\u00fcterschutz im Kanton St. Gallen und Daniel H\u00e4berli \u00fcber den Kulturg\u00fcterschutz im Kanton Thurgau - SIGEGS - Schweizerische Interessengemeinschaft zur Erhaltung von Grafik und Schriftgut\" \/>\n<meta property=\"og:description\" content=\"Die Vortr\u00e4ge stiessen auf grosses Interesse und lockten fast 50 Personen aus unterschiedlichsten Institutionen und T\u00e4tigkeitsbereichen. C\u00e9cile Vilas, Pr\u00e4sidentin der SIGEGS und der Eidgen\u00f6ssischen Kommission f\u00fcr Kulturg\u00fcterschutz, begr\u00fcsste die Anwesenden und unterstrich die Wichtigkeit, breit \u00fcber das Thema Kulturg\u00fcterschutz zu informieren.\" \/>\n<meta property=\"og:url\" content=\"https:\/\/www.sigegs.ch\/fr\/event\/vortrage-von-silvio-frigg-uber-den-kulturguterschutz-im-kanton-st-gallen-und-daniel-haberli-uber-den-kulturguterschutz-im-kanton-thurgau\/\" \/>\n<meta property=\"og:site_name\" content=\"SIGEGS - Schweizerische Interessengemeinschaft zur Erhaltung von Grafik und Schriftgut\" \/>\n<meta property=\"article:modified_time\" content=\"2025-02-20T10:13:41+00:00\" \/>\n<meta property=\"og:image\" content=\"https:\/\/www.sigegs.ch\/wp-content\/uploads\/2024\/04\/Logo.70.Jahre_.HAK_.HD-002.png\" \/>\n\t<meta property=\"og:image:width\" content=\"2618\" \/>\n\t<meta property=\"og:image:height\" content=\"2008\" \/>\n\t<meta property=\"og:image:type\" content=\"image\/png\" \/>\n<meta name=\"twitter:card\" content=\"summary_large_image\" \/>\n<meta name=\"twitter:label1\" content=\"Dur\u00e9e de lecture estim\u00e9e\" \/>\n\t<meta name=\"twitter:data1\" content=\"3 minutes\" \/>\n<script type=\"application\/ld+json\" class=\"yoast-schema-graph\">{\"@context\":\"https:\/\/schema.org\",\"@graph\":[{\"@type\":\"WebPage\",\"@id\":\"https:\/\/www.sigegs.ch\/fr\/event\/vortrage-von-silvio-frigg-uber-den-kulturguterschutz-im-kanton-st-gallen-und-daniel-haberli-uber-den-kulturguterschutz-im-kanton-thurgau\/\",\"url\":\"https:\/\/www.sigegs.ch\/fr\/event\/vortrage-von-silvio-frigg-uber-den-kulturguterschutz-im-kanton-st-gallen-und-daniel-haberli-uber-den-kulturguterschutz-im-kanton-thurgau\/\",\"name\":\"Vortr\u00e4ge von Silvio Frigg \u00fcber den Kulturg\u00fcterschutz im Kanton St. Gallen und Daniel H\u00e4berli \u00fcber den Kulturg\u00fcterschutz im Kanton Thurgau - SIGEGS - Schweizerische Interessengemeinschaft zur Erhaltung von Grafik und Schriftgut\",\"isPartOf\":{\"@id\":\"https:\/\/www.sigegs.ch\/fr\/#website\"},\"primaryImageOfPage\":{\"@id\":\"https:\/\/www.sigegs.ch\/fr\/event\/vortrage-von-silvio-frigg-uber-den-kulturguterschutz-im-kanton-st-gallen-und-daniel-haberli-uber-den-kulturguterschutz-im-kanton-thurgau\/#primaryimage\"},\"image\":{\"@id\":\"https:\/\/www.sigegs.ch\/fr\/event\/vortrage-von-silvio-frigg-uber-den-kulturguterschutz-im-kanton-st-gallen-und-daniel-haberli-uber-den-kulturguterschutz-im-kanton-thurgau\/#primaryimage\"},\"thumbnailUrl\":\"https:\/\/www.sigegs.ch\/wp-content\/uploads\/2024\/04\/Logo.70.Jahre_.HAK_.HD-002.png\",\"datePublished\":\"2024-07-18T08:12:45+00:00\",\"dateModified\":\"2025-02-20T10:13:41+00:00\",\"breadcrumb\":{\"@id\":\"https:\/\/www.sigegs.ch\/fr\/event\/vortrage-von-silvio-frigg-uber-den-kulturguterschutz-im-kanton-st-gallen-und-daniel-haberli-uber-den-kulturguterschutz-im-kanton-thurgau\/#breadcrumb\"},\"inLanguage\":\"fr-FR\",\"potentialAction\":[{\"@type\":\"ReadAction\",\"target\":[\"https:\/\/www.sigegs.ch\/fr\/event\/vortrage-von-silvio-frigg-uber-den-kulturguterschutz-im-kanton-st-gallen-und-daniel-haberli-uber-den-kulturguterschutz-im-kanton-thurgau\/\"]}]},{\"@type\":\"ImageObject\",\"inLanguage\":\"fr-FR\",\"@id\":\"https:\/\/www.sigegs.ch\/fr\/event\/vortrage-von-silvio-frigg-uber-den-kulturguterschutz-im-kanton-st-gallen-und-daniel-haberli-uber-den-kulturguterschutz-im-kanton-thurgau\/#primaryimage\",\"url\":\"https:\/\/www.sigegs.ch\/wp-content\/uploads\/2024\/04\/Logo.70.Jahre_.HAK_.HD-002.png\",\"contentUrl\":\"https:\/\/www.sigegs.ch\/wp-content\/uploads\/2024\/04\/Logo.70.Jahre_.HAK_.HD-002.png\",\"width\":2618,\"height\":2008},{\"@type\":\"BreadcrumbList\",\"@id\":\"https:\/\/www.sigegs.ch\/fr\/event\/vortrage-von-silvio-frigg-uber-den-kulturguterschutz-im-kanton-st-gallen-und-daniel-haberli-uber-den-kulturguterschutz-im-kanton-thurgau\/#breadcrumb\",\"itemListElement\":[{\"@type\":\"ListItem\",\"position\":1,\"name\":\"Startseite\",\"item\":\"https:\/\/www.sigegs.ch\/fr\/accueil\/\"},{\"@type\":\"ListItem\",\"position\":2,\"name\":\"Veranstaltungen\",\"item\":\"https:\/\/www.sigegs.ch\/fr\/event\/\"},{\"@type\":\"ListItem\",\"position\":3,\"name\":\"Vortr\u00e4ge von Silvio Frigg \u00fcber den Kulturg\u00fcterschutz im Kanton St. Gallen und Daniel H\u00e4berli \u00fcber den Kulturg\u00fcterschutz im Kanton Thurgau\"}]},{\"@type\":\"WebSite\",\"@id\":\"https:\/\/www.sigegs.ch\/fr\/#website\",\"url\":\"https:\/\/www.sigegs.ch\/fr\/\",\"name\":\"SIGEGS - Schweizerische Interessengemeinschaft zur Erhaltung von Grafik und Schriftgut\",\"description\":\"Schweizerische Interessengemeinschaft zur Erhaltung von Grafik und Schriftgut\",\"publisher\":{\"@id\":\"https:\/\/www.sigegs.ch\/fr\/#organization\"},\"potentialAction\":[{\"@type\":\"SearchAction\",\"target\":{\"@type\":\"EntryPoint\",\"urlTemplate\":\"https:\/\/www.sigegs.ch\/fr\/?s={search_term_string}\"},\"query-input\":{\"@type\":\"PropertyValueSpecification\",\"valueRequired\":true,\"valueName\":\"search_term_string\"}}],\"inLanguage\":\"fr-FR\"},{\"@type\":\"Organization\",\"@id\":\"https:\/\/www.sigegs.ch\/fr\/#organization\",\"name\":\"SIGEGS - Schweizerische Interessengemeinschaft zur Erhaltung von Grafik und Schriftgut\",\"url\":\"https:\/\/www.sigegs.ch\/fr\/\",\"logo\":{\"@type\":\"ImageObject\",\"inLanguage\":\"fr-FR\",\"@id\":\"https:\/\/www.sigegs.ch\/fr\/#\/schema\/logo\/image\/\",\"url\":\"https:\/\/www.sigegs.ch\/wp-content\/uploads\/2023\/06\/sigegs-logo.svg\",\"contentUrl\":\"https:\/\/www.sigegs.ch\/wp-content\/uploads\/2023\/06\/sigegs-logo.svg\",\"width\":274,\"height\":48,\"caption\":\"SIGEGS - Schweizerische Interessengemeinschaft zur Erhaltung von Grafik und Schriftgut\"},\"image\":{\"@id\":\"https:\/\/www.sigegs.ch\/fr\/#\/schema\/logo\/image\/\"}}]}<\/script>\n<!-- \/ Yoast SEO plugin. -->","yoast_head_json":{"title":"Vortr\u00e4ge von Silvio Frigg \u00fcber den Kulturg\u00fcterschutz im Kanton St. Gallen und Daniel H\u00e4berli \u00fcber den Kulturg\u00fcterschutz im Kanton Thurgau - SIGEGS - Schweizerische Interessengemeinschaft zur Erhaltung von Grafik und Schriftgut","robots":{"index":"index","follow":"follow","max-snippet":"max-snippet:-1","max-image-preview":"max-image-preview:large","max-video-preview":"max-video-preview:-1"},"canonical":"https:\/\/www.sigegs.ch\/fr\/event\/vortrage-von-silvio-frigg-uber-den-kulturguterschutz-im-kanton-st-gallen-und-daniel-haberli-uber-den-kulturguterschutz-im-kanton-thurgau\/","og_locale":"fr_FR","og_type":"article","og_title":"Vortr\u00e4ge von Silvio Frigg \u00fcber den Kulturg\u00fcterschutz im Kanton St. Gallen und Daniel H\u00e4berli \u00fcber den Kulturg\u00fcterschutz im Kanton Thurgau - SIGEGS - Schweizerische Interessengemeinschaft zur Erhaltung von Grafik und Schriftgut","og_description":"Die Vortr\u00e4ge stiessen auf grosses Interesse und lockten fast 50 Personen aus unterschiedlichsten Institutionen und T\u00e4tigkeitsbereichen. C\u00e9cile Vilas, Pr\u00e4sidentin der SIGEGS und der Eidgen\u00f6ssischen Kommission f\u00fcr Kulturg\u00fcterschutz, begr\u00fcsste die Anwesenden und unterstrich die Wichtigkeit, breit \u00fcber das Thema Kulturg\u00fcterschutz zu informieren.","og_url":"https:\/\/www.sigegs.ch\/fr\/event\/vortrage-von-silvio-frigg-uber-den-kulturguterschutz-im-kanton-st-gallen-und-daniel-haberli-uber-den-kulturguterschutz-im-kanton-thurgau\/","og_site_name":"SIGEGS - Schweizerische Interessengemeinschaft zur Erhaltung von Grafik und Schriftgut","article_modified_time":"2025-02-20T10:13:41+00:00","og_image":[{"width":2618,"height":2008,"url":"https:\/\/www.sigegs.ch\/wp-content\/uploads\/2024\/04\/Logo.70.Jahre_.HAK_.HD-002.png","type":"image\/png"}],"twitter_card":"summary_large_image","twitter_misc":{"Dur\u00e9e de lecture estim\u00e9e":"3 minutes"},"schema":{"@context":"https:\/\/schema.org","@graph":[{"@type":"WebPage","@id":"https:\/\/www.sigegs.ch\/fr\/event\/vortrage-von-silvio-frigg-uber-den-kulturguterschutz-im-kanton-st-gallen-und-daniel-haberli-uber-den-kulturguterschutz-im-kanton-thurgau\/","url":"https:\/\/www.sigegs.ch\/fr\/event\/vortrage-von-silvio-frigg-uber-den-kulturguterschutz-im-kanton-st-gallen-und-daniel-haberli-uber-den-kulturguterschutz-im-kanton-thurgau\/","name":"Vortr\u00e4ge von Silvio Frigg \u00fcber den Kulturg\u00fcterschutz im Kanton St. Gallen und Daniel H\u00e4berli \u00fcber den Kulturg\u00fcterschutz im Kanton Thurgau - SIGEGS - Schweizerische Interessengemeinschaft zur Erhaltung von Grafik und Schriftgut","isPartOf":{"@id":"https:\/\/www.sigegs.ch\/fr\/#website"},"primaryImageOfPage":{"@id":"https:\/\/www.sigegs.ch\/fr\/event\/vortrage-von-silvio-frigg-uber-den-kulturguterschutz-im-kanton-st-gallen-und-daniel-haberli-uber-den-kulturguterschutz-im-kanton-thurgau\/#primaryimage"},"image":{"@id":"https:\/\/www.sigegs.ch\/fr\/event\/vortrage-von-silvio-frigg-uber-den-kulturguterschutz-im-kanton-st-gallen-und-daniel-haberli-uber-den-kulturguterschutz-im-kanton-thurgau\/#primaryimage"},"thumbnailUrl":"https:\/\/www.sigegs.ch\/wp-content\/uploads\/2024\/04\/Logo.70.Jahre_.HAK_.HD-002.png","datePublished":"2024-07-18T08:12:45+00:00","dateModified":"2025-02-20T10:13:41+00:00","breadcrumb":{"@id":"https:\/\/www.sigegs.ch\/fr\/event\/vortrage-von-silvio-frigg-uber-den-kulturguterschutz-im-kanton-st-gallen-und-daniel-haberli-uber-den-kulturguterschutz-im-kanton-thurgau\/#breadcrumb"},"inLanguage":"fr-FR","potentialAction":[{"@type":"ReadAction","target":["https:\/\/www.sigegs.ch\/fr\/event\/vortrage-von-silvio-frigg-uber-den-kulturguterschutz-im-kanton-st-gallen-und-daniel-haberli-uber-den-kulturguterschutz-im-kanton-thurgau\/"]}]},{"@type":"ImageObject","inLanguage":"fr-FR","@id":"https:\/\/www.sigegs.ch\/fr\/event\/vortrage-von-silvio-frigg-uber-den-kulturguterschutz-im-kanton-st-gallen-und-daniel-haberli-uber-den-kulturguterschutz-im-kanton-thurgau\/#primaryimage","url":"https:\/\/www.sigegs.ch\/wp-content\/uploads\/2024\/04\/Logo.70.Jahre_.HAK_.HD-002.png","contentUrl":"https:\/\/www.sigegs.ch\/wp-content\/uploads\/2024\/04\/Logo.70.Jahre_.HAK_.HD-002.png","width":2618,"height":2008},{"@type":"BreadcrumbList","@id":"https:\/\/www.sigegs.ch\/fr\/event\/vortrage-von-silvio-frigg-uber-den-kulturguterschutz-im-kanton-st-gallen-und-daniel-haberli-uber-den-kulturguterschutz-im-kanton-thurgau\/#breadcrumb","itemListElement":[{"@type":"ListItem","position":1,"name":"Startseite","item":"https:\/\/www.sigegs.ch\/fr\/accueil\/"},{"@type":"ListItem","position":2,"name":"Veranstaltungen","item":"https:\/\/www.sigegs.ch\/fr\/event\/"},{"@type":"ListItem","position":3,"name":"Vortr\u00e4ge von Silvio Frigg \u00fcber den Kulturg\u00fcterschutz im Kanton St. Gallen und Daniel H\u00e4berli \u00fcber den Kulturg\u00fcterschutz im Kanton Thurgau"}]},{"@type":"WebSite","@id":"https:\/\/www.sigegs.ch\/fr\/#website","url":"https:\/\/www.sigegs.ch\/fr\/","name":"SIGEGS - Schweizerische Interessengemeinschaft zur Erhaltung von Grafik und Schriftgut","description":"Schweizerische Interessengemeinschaft zur Erhaltung von Grafik und Schriftgut","publisher":{"@id":"https:\/\/www.sigegs.ch\/fr\/#organization"},"potentialAction":[{"@type":"SearchAction","target":{"@type":"EntryPoint","urlTemplate":"https:\/\/www.sigegs.ch\/fr\/?s={search_term_string}"},"query-input":{"@type":"PropertyValueSpecification","valueRequired":true,"valueName":"search_term_string"}}],"inLanguage":"fr-FR"},{"@type":"Organization","@id":"https:\/\/www.sigegs.ch\/fr\/#organization","name":"SIGEGS - Schweizerische Interessengemeinschaft zur Erhaltung von Grafik und Schriftgut","url":"https:\/\/www.sigegs.ch\/fr\/","logo":{"@type":"ImageObject","inLanguage":"fr-FR","@id":"https:\/\/www.sigegs.ch\/fr\/#\/schema\/logo\/image\/","url":"https:\/\/www.sigegs.ch\/wp-content\/uploads\/2023\/06\/sigegs-logo.svg","contentUrl":"https:\/\/www.sigegs.ch\/wp-content\/uploads\/2023\/06\/sigegs-logo.svg","width":274,"height":48,"caption":"SIGEGS - Schweizerische Interessengemeinschaft zur Erhaltung von Grafik und Schriftgut"},"image":{"@id":"https:\/\/www.sigegs.ch\/fr\/#\/schema\/logo\/image\/"}}]}},"_links":{"self":[{"href":"https:\/\/www.sigegs.ch\/fr\/wp-json\/wp\/v2\/event\/4441","targetHints":{"allow":["GET"]}}],"collection":[{"href":"https:\/\/www.sigegs.ch\/fr\/wp-json\/wp\/v2\/event"}],"about":[{"href":"https:\/\/www.sigegs.ch\/fr\/wp-json\/wp\/v2\/types\/event"}],"version-history":[{"count":24,"href":"https:\/\/www.sigegs.ch\/fr\/wp-json\/wp\/v2\/event\/4441\/revisions"}],"predecessor-version":[{"id":4757,"href":"https:\/\/www.sigegs.ch\/fr\/wp-json\/wp\/v2\/event\/4441\/revisions\/4757"}],"wp:featuredmedia":[{"embeddable":true,"href":"https:\/\/www.sigegs.ch\/fr\/wp-json\/wp\/v2\/media\/4335"}],"wp:attachment":[{"href":"https:\/\/www.sigegs.ch\/fr\/wp-json\/wp\/v2\/media?parent=4441"}],"curies":[{"name":"wp","href":"https:\/\/api.w.org\/{rel}","templated":true}]}}